{"id":1905,"date":"2023-10-18T21:23:29","date_gmt":"2023-10-18T13:23:29","guid":{"rendered":"https:\/\/www.csrpackpackaging.com\/products\/duffel-garment-bag\/"},"modified":"2024-05-03T22:12:04","modified_gmt":"2024-05-03T14:12:04","slug":"duffel-garment-bag","status":"publish","type":"products","link":"https:\/\/csrpackpackaging.com\/fr\/products\/duffel-garment-bag\/","title":{"rendered":"Sac \u00e0 v\u00eatements Duffel"},"content":{"rendered":"<p style=\"line-height: 2;\"><span style=\"font-size: 14px;\">Dans le domaine de la mode d'entreprise, le sac \u00e0 v\u00eatements Duffel s'impose comme un accessoire polyvalent et indispensable.<\/span><\/p>\n<p style=\"line-height: 2;\"><span style=\"font-size: 14px;\">Notre sac \u00e0 v\u00eatements Duffel est m\u00e9ticuleusement fabriqu\u00e9, en pr\u00eatant attention \u00e0 chaque d\u00e9tail. Il ne s'agit pas d'un simple bagage, mais d'une d\u00e9claration. Fabriqu\u00e9 \u00e0 partir de mat\u00e9riaux durables de haute qualit\u00e9, ce sac allie harmonieusement fonctionnalit\u00e9 et respect de l'environnement. Sa conception innovante permet de ranger les v\u00eatements sans effort tout en conservant une apparence \u00e9l\u00e9gante et professionnelle.<\/span><\/p>\n<\/p>\n<p><img loading=\"lazy\" decoding=\"async\" src=\"https:\/\/data.adwebcloud.com\/public\/material\/23032909sriw\/product\/3175090475_919486857_1697635355200.jpg\" width=\"750\" height=\"750\" alt=\"\" style=\"display: block; margin-left: auto; margin-right: auto;\" \/><\/p>\n<\/p>\n<h3 style=\"font-size: 19px; line-height: 2;\">Options de personnalisation<\/h3>\n<p style=\"line-height: 2;\"><span style=\"font-size: 14px;\">Pour nos clients grossistes B2B, nous offrons une myriade de possibilit\u00e9s de personnalisation. En ajoutant des logos, en s\u00e9lectionnant des couleurs qui r\u00e9sonnent avec votre marque et en incorporant des motifs personnalis\u00e9s pour s'aligner parfaitement avec votre image de marque, ce niveau de personnalisation garantit que votre \u00e9quipe voyage avec style tout en repr\u00e9sentant fi\u00e8rement votre entreprise.<\/span><\/p>\n<p style=\"line-height: 2;\">\n<h3 style=\"font-size: 19px; line-height: 2;\">Mat\u00e9riaux durables<\/h3>\n<p style=\"line-height: 2;\"><span style=\"font-size: 14px;\">Nous sommes fiers de notre engagement en faveur du d\u00e9veloppement durable. Le Duffel Garment Bag est fabriqu\u00e9 \u00e0 partir de mat\u00e9riaux respectueux de l'environnement, ce qui t\u00e9moigne de notre volont\u00e9 de r\u00e9duire notre empreinte \u00e9cologique. En choisissant nos sacs, votre entreprise n'investit pas seulement dans des accessoires de haute qualit\u00e9, mais contribue \u00e9galement \u00e0 un avenir plus vert et plus durable.<\/span><\/p>\n<\/p>\n<p><img loading=\"lazy\" decoding=\"async\" src=\"https:\/\/data.adwebcloud.com\/public\/material\/23032909sriw\/product\/3176712073_919486857_1697635367756.jpg\" width=\"750\" height=\"750\" alt=\"\" style=\"display: block; margin-left: auto; margin-right: auto;\" \/><\/p>\n<\/p>\n<h3 style=\"font-size: 19px;\">Avantages du commerce de gros<\/h3>\n<p style=\"line-height: 2;\"><span style=\"font-size: 14px;\">Notre programme de vente en gros B2B offre des avantages exclusifs aux entreprises clientes. Profitez de prix comp\u00e9titifs, d'avantages sur les commandes en gros et d'une assistance d\u00e9di\u00e9e pour rationaliser votre processus d'approvisionnement. Nous comprenons les besoins uniques des entreprises et notre programme de vente en gros est con\u00e7u pour r\u00e9pondre \u00e0 ces exigences sp\u00e9cifiques.<\/span><\/p>\n<\/p>\n<h3 style=\"font-size: 19px;\">Solutions de cadeaux d'entreprise<\/h3>\n<p style=\"line-height: 2;\"><span style=\"font-size: 14px;\">Vous \u00eates \u00e0 la recherche du cadeau d'entreprise id\u00e9al ? Le sac \u00e0 v\u00eatements Duffel offre une solution \u00e0 la fois exquise et pratique. Ses caract\u00e9ristiques personnalisables vous permettent d'aligner le sac sur la marque de votre entreprise, ce qui en fait un cadeau id\u00e9al pour les employ\u00e9s, les clients ou les partenaires. Les cadeaux qui allient style et fonctionnalit\u00e9 laissent une impression durable.<\/span><\/p>\n<p><img loading=\"lazy\" decoding=\"async\" src=\"https:\/\/data.adwebcloud.com\/public\/material\/23032909sriw\/product\/3176694113_919486857_1697635382973.jpg\" width=\"750\" height=\"750\" alt=\"\" style=\"display: block; margin-left: auto; margin-right: auto;\" \/><\/p>\n<\/p>\n<h3 style=\"font-size: 19px;\">Initiatives RSE<\/h3>\n<p style=\"line-height: 2;\"><span style=\"font-size: 14px;\">Notre engagement en faveur de la responsabilit\u00e9 sociale des entreprises (RSE) est au c\u0153ur de nos activit\u00e9s. Nos processus de fabrication respectent des normes environnementales strictes, ce qui garantit que nos produits incarnent des pratiques \u00e9thiques et durables. En choisissant notre sac Duffel pour v\u00eatements, votre entreprise s'inscrit dans notre initiative plus large de RSE, contribuant ainsi \u00e0 un changement positif.<\/span><\/p>\n<\/p>\n<h3 style=\"font-size: 19px;\">Processus de commande<\/h3>\n<p style=\"line-height: 2;\"><span style=\"font-size: 14px;\">Passer une commande en gros n'a jamais \u00e9t\u00e9 aussi simple. Notre processus de commande rationalis\u00e9 garantit une exp\u00e9rience sans faille. Il vous suffit de suivre notre guide \u00e9tape par \u00e9tape, de fournir des sp\u00e9cifications personnalis\u00e9es et de s\u00e9lectionner la quantit\u00e9 souhait\u00e9e. Avec des options de paiement flexibles et des d\u00e9lais de livraison efficaces, nous faisons de l'acquisition d'accessoires d'entreprise de qualit\u00e9 un processus sans faille.<\/span><\/p>\n<\/p>\n<h3 style=\"font-size: 19px;\">Assurance qualit\u00e9<\/h3>\n<p style=\"line-height: 2;\"><span style=\"font-size: 14px;\">La qualit\u00e9 n'est pas n\u00e9gociable. Nos sacs \u00e0 bagages sont soumis \u00e0 des mesures rigoureuses de contr\u00f4le de la qualit\u00e9 afin de garantir leur durabilit\u00e9 et leurs performances. Pour attester de notre engagement, nous d\u00e9tenons des certifications industrielles, soulignant notre d\u00e9vouement in\u00e9branlable \u00e0 fournir des produits de la plus haute qualit\u00e9.<\/span><\/p>\n<\/p>\n<h3 style=\"font-size: 19px;\">Conclusion<\/h3>\n<p style=\"line-height: 2;\"><span style=\"font-size: 14px;\">Dans le domaine de la mode d'entreprise, le sac \u00e0 v\u00eatements Duffel est un symbole de style, de durabilit\u00e9 et de praticit\u00e9. Le choix d'un compagnon de voyage ne refl\u00e8te pas seulement l'image de votre entreprise, mais s'aligne \u00e9galement sur votre engagement en faveur d'une Terre plus verte. Rehaussez votre marque, un sac Duffel Garment Bag personnalisable et \u00e9cologique \u00e0 la fois.<\/span><\/p>\n<\/p>\n<p><strong>FAQ<\/strong><\/p>\n<p style=\"line-height: 2;\"><span style=\"font-size: 14px;\">1. Un sac de voyage peut-il remplacer une valise traditionnelle lors d'un long voyage ?<\/span><br \/><span style=\"font-size: 14px;\">Oui, de nombreux sacs de voyage modernes sont con\u00e7us avec suffisamment d'espace et de compartiments pour accueillir des articles destin\u00e9s \u00e0 des voyages de longue dur\u00e9e.<\/span><\/p>\n<p style=\"line-height: 2;\"><span style=\"font-size: 14px;\">2. Ces sacs sont-ils adapt\u00e9s aux voyages d'affaires ?<\/span><br \/><span style=\"font-size: 14px;\">Absolument. Le compartiment \u00e0 v\u00eatements garantit que les v\u00eatements d'affaires ne se froissent pas, ce qui est id\u00e9al pour les \u00e9v\u00e9nements professionnels.<\/span><\/p>\n<p style=\"line-height: 2;\"><span style=\"font-size: 14px;\">3. Comment entretenir mon sac de sport ?<\/span><br \/><span style=\"font-size: 14px;\">La plupart des sacs de sport sont accompagn\u00e9s d'instructions d'entretien, mais il est g\u00e9n\u00e9ralement conseill\u00e9 de les nettoyer ponctuellement et d'\u00e9viter de les surcharger afin de pr\u00e9server leur long\u00e9vit\u00e9.<\/span><\/p>\n<p style=\"line-height: 2;\"><span style=\"font-size: 14px;\">4. Existe-t-il des sacs de sport sp\u00e9cifiques \u00e0 chaque sexe ?<\/span><br \/><span style=\"font-size: 14px;\">Si certains mod\u00e8les peuvent r\u00e9pondre \u00e0 des pr\u00e9f\u00e9rences sp\u00e9cifiques, la plupart des sacs de sport sont unisexes et se concentrent sur un style et une fonctionnalit\u00e9 universels.<\/span><\/p>\n<p style=\"line-height: 2;\"><span style=\"font-size: 14px;\">5. Puis-je utiliser mon sac de sport comme bagage \u00e0 main ?<\/span><br \/><span style=\"font-size: 14px;\">certainement. De nombreux sacs \u00e0 v\u00eatements sont con\u00e7us pour s'adapter aux restrictions de taille des bagages \u00e0 main, offrant ainsi une solution pratique et \u00e9l\u00e9gante pour les voyages en avion.<\/span><\/p>","protected":false},"excerpt":{"rendered":"<p style=\"line-height: 2;\"><span style=\"font-size: 14px;\">Tissu : Polyester 600D<\/span><br \/><span style=\"font-size: 14px;\">Couleur : noir<\/span><br \/><span style=\"font-size: 14px;\">Taille : 60*100cm<\/span><br \/><span style=\"font-size: 14px;\">A l'ext\u00e9rieur, une poche pour le T-shirt<\/span><br \/><span style=\"font-size: 14px;\">Poign\u00e9e : Poign\u00e9e en cuir PU<\/span><br \/><span style=\"font-size: 14px;\">Fermeture \u00e0 glissi\u00e8re : fermeture \u00e0 glissi\u00e8re en nylon #5, 3 pi\u00e8ces au total<\/span><br \/><span style=\"font-size: 14px;\">Logo : s\u00e9rigraphie, 1 couleur, 1 c\u00f4t\u00e9<\/span><br \/><span style=\"font-size: 14px;\">Un trou de suspension sur le dessus<\/span><br \/><span style=\"font-size: 14px;\">Fabrication : Reliure en cuir PU<\/span><\/p>","protected":false},"featured_media":1906,"template":"","adweb_product_categories":[332,23],"adweb_product_tags":[823,824,825,826,827,828,829,830,831,832,833,834],"class_list":["post-1905","products","type-products","status-publish","has-post-thumbnail","hentry","adweb_product_cat-polyester-garment-bags","adweb_product_cat-garment-bag","adweb_product_tag-dream-duffel-garment-bags","adweb_product_tag-carry-on-garment-duffel-bag","adweb_product_tag-best-garment-duffel-bag","adweb_product_tag-garment-duffel","adweb_product_tag-dance-duffel-bag-with-rack","adweb_product_tag-convertible-garment-duffel-bag","adweb_product_tag-duffel-bag-with-garment-rack","adweb_product_tag-suit-duffel-bag","adweb_product_tag-halfday-garment-duffel","adweb_product_tag-garment-duffel-bag-leather","adweb_product_tag-2-in-1-garment-duffel-bag-leather","adweb_product_tag-2-in-1-garment-duffel-bag"],"gallery":[1906,1907,1908,1909,1910,1911],"order":"0","acf":[],"_links":{"self":[{"href":"https:\/\/csrpackpackaging.com\/fr\/wp-json\/wp\/v2\/adweb_products\/1905","targetHints":{"allow":["GET"]}}],"collection":[{"href":"https:\/\/csrpackpackaging.com\/fr\/wp-json\/wp\/v2\/adweb_products"}],"about":[{"href":"https:\/\/csrpackpackaging.com\/fr\/wp-json\/wp\/v2\/types\/products"}],"wp:featuredmedia":[{"embeddable":true,"href":"https:\/\/csrpackpackaging.com\/fr\/wp-json\/wp\/v2\/media\/1906"}],"wp:attachment":[{"href":"https:\/\/csrpackpackaging.com\/fr\/wp-json\/wp\/v2\/media?parent=1905"}],"wp:term":[{"taxonomy":"adweb_product_cat","embeddable":true,"href":"https:\/\/csrpackpackaging.com\/fr\/wp-json\/wp\/v2\/adweb_product_categories?post=1905"},{"taxonomy":"adweb_product_tag","embeddable":true,"href":"https:\/\/csrpackpackaging.com\/fr\/wp-json\/wp\/v2\/adweb_product_tags?post=1905"}],"curies":[{"name":"wp","href":"https:\/\/api.w.org\/{rel}","templated":true}]}}